{"id":125482,"date":"2024-09-04T16:34:07","date_gmt":"2024-09-04T14:34:07","guid":{"rendered":"https:\/\/www.mizar.it\/efectos-luminosos\/efectos-de-luz-aplique-de-pared-de-doble-emision\/"},"modified":"2026-02-11T18:00:18","modified_gmt":"2026-02-11T17:00:18","slug":"efectos-de-luz-apliques-doble-emision","status":"publish","type":"page","link":"https:\/\/www.mizar.it\/es\/efectos-luminosos\/efectos-de-luz-apliques-doble-emision\/","title":{"rendered":"Efectos de Luz &#8211; Apliques doble emisi\u00f3n"},"content":{"rendered":"\n\t<section class=\"section inner-breadcrumb\" id=\"section_1803619239\">\n\t\t<div class=\"bg section-bg fill bg-fill  bg-loaded\" >\n\n\t\t\t\n\t\t\t\n\t\t\t\n\n\t\t<\/div>\n\n\t\t<div class=\"section-content relative\">\n\t\t\t\n\n<div class=\"row align-middle\"  id=\"row-1545998193\">\n\n\n\t<div id=\"col-1804701036\" class=\"col breadcrumb-cnt small-12 large-12\"  >\n\t\t<div class=\"col-inner text-left\"  >\n\t\t\t\n\t\t\t\n\n<p><a class=\"gray\" href=\"\/\">Mizar<\/a><span class=\"grey\"> | <\/span><span class=\"grey\"><a class=\"gray\"href=\"https:\/\/mizar.it\/it\/effetti-luminosi\/\">EFECTOS DE LUZ<\/a> | APLIQUES DOBLE EMISI\u00d3N<\/span><\/p>\n\n\t\t<\/div>\n\t\t\t<\/div>\n\n\t\n\n<\/div>\n\n\t\t<\/div>\n\n\t\t\n<style>\n#section_1803619239 {\n  padding-top: 10px;\n  padding-bottom: 10px;\n}\n<\/style>\n\t<\/section>\n\t\n\t<section class=\"section\" id=\"section_1633239176\">\n\t\t<div class=\"bg section-bg fill bg-fill  bg-loaded\" >\n\n\t\t\t\n\t\t\t\n\t\t\t\n\n\t\t<\/div>\n\n\t\t<div class=\"section-content relative\">\n\t\t\t\n\n<div class=\"row\"  id=\"row-212003420\">\n\n\n\t<div id=\"col-1967302482\" class=\"col small-12 large-12\"  >\n\t\t<div class=\"col-inner\"  >\n\t\t\t\n\t\t\t\n\n<h2 class=\"section-title\"><span style=\"font-weight: 600;\">Apliques doble emisi\u00f3n<\/span><\/h2>\n\n\t\t<\/div>\n\t\t\n<style>\n#col-1967302482 > .col-inner {\n  margin: 0px 0px 15px 0px;\n}\n<\/style>\n\t<\/div>\n\n\t\n\n<\/div>\n<div class=\"row\"  id=\"row-264793947\">\n\n\n\t<div id=\"col-1381208772\" class=\"col col-block-effetti medium-6 small-12 large-6\"  >\n\t\t<div class=\"col-inner\"  >\n\t\t\t\n\t\t\t\n\n\t<div class=\"img has-hover image-block-effetti x md-x lg-x y md-y lg-y\" id=\"image_1738610295\">\n\t\t<a class=\"\" href=\"https:\/\/www.mizar.it\/es\/categoria-producto\/exteriores\/luz-de-pared\/quantum-es\/quantum-2-2-es\/?filters=tipo-di-emissione&#091;41786&#093;\"  >\t\t\t\t\t\t<div class=\"img-inner dark\" >\n\t\t\t<img loading=\"lazy\" decoding=\"async\" width=\"3840\" height=\"2160\" src=\"https:\/\/www.mizar.it\/wp-content\/uploads\/2024\/11\/APPLIQUE-BI-FASCIO-ELLITTICO.png\" class=\"attachment-original size-original\" alt=\"\" srcset=\"https:\/\/www.mizar.it\/wp-content\/uploads\/2024\/11\/APPLIQUE-BI-FASCIO-ELLITTICO.png 3840w, https:\/\/www.mizar.it\/wp-content\/uploads\/2024\/11\/APPLIQUE-BI-FASCIO-ELLITTICO-300x169.png 300w, https:\/\/www.mizar.it\/wp-content\/uploads\/2024\/11\/APPLIQUE-BI-FASCIO-ELLITTICO-1024x576.png 1024w, https:\/\/www.mizar.it\/wp-content\/uploads\/2024\/11\/APPLIQUE-BI-FASCIO-ELLITTICO-768x432.png 768w, https:\/\/www.mizar.it\/wp-content\/uploads\/2024\/11\/APPLIQUE-BI-FASCIO-ELLITTICO-1536x864.png 1536w, https:\/\/www.mizar.it\/wp-content\/uploads\/2024\/11\/APPLIQUE-BI-FASCIO-ELLITTICO-2048x1152.png 2048w, https:\/\/www.mizar.it\/wp-content\/uploads\/2024\/11\/APPLIQUE-BI-FASCIO-ELLITTICO-600x338.png 600w\" sizes=\"auto, (max-width: 3840px) 100vw, 3840px\" \/>\t\t\t\t\t\t\n\t\t\t\t\t<\/div>\n\t\t\t\t\t\t<\/a>\t\t\n<style>\n#image_1738610295 {\n  width: 100%;\n}\n<\/style>\n\t<\/div>\n\t\n\n\t<div id=\"text-3164660655\" class=\"text\">\n\t\t\n\n<p><span style=\"color: #000;\"><strong>Aplique de pared de doble emisi\u00f3n | \u00f3ptica el\u00edptica<\/strong><\/span><\/p>\n\t\t\n<style>\n#text-3164660655 {\n  text-align: left;\n}\n<\/style>\n\t<\/div>\n\t\n\n\t\t<\/div>\n\t\t\n<style>\n#col-1381208772 > .col-inner {\n  padding: 0px 0px 50px 0px;\n}\n<\/style>\n\t<\/div>\n\n\t\n\n\t<div id=\"col-426853119\" class=\"col col-block-effetti medium-6 small-12 large-6\"  >\n\t\t<div class=\"col-inner\"  >\n\t\t\t\n\t\t\t\n\n\t<div class=\"img has-hover image-block-effetti x md-x lg-x y md-y lg-y\" id=\"image_1779446087\">\n\t\t<a class=\"\" href=\"https:\/\/www.mizar.it\/es\/categoria-producto\/exteriores\/luz-de-pared\/quantum-es\/quantum-2-2-es\/?filters=tipo-di-emissione&#091;41788&#093;\"  >\t\t\t\t\t\t<div class=\"img-inner dark\" >\n\t\t\t<img loading=\"lazy\" decoding=\"async\" width=\"3840\" height=\"2160\" src=\"https:\/\/www.mizar.it\/wp-content\/uploads\/2024\/11\/APPLIQUE-BI-FASCIO-LARGO.png\" class=\"attachment-original size-original\" alt=\"\" srcset=\"https:\/\/www.mizar.it\/wp-content\/uploads\/2024\/11\/APPLIQUE-BI-FASCIO-LARGO.png 3840w, https:\/\/www.mizar.it\/wp-content\/uploads\/2024\/11\/APPLIQUE-BI-FASCIO-LARGO-300x169.png 300w, https:\/\/www.mizar.it\/wp-content\/uploads\/2024\/11\/APPLIQUE-BI-FASCIO-LARGO-1024x576.png 1024w, https:\/\/www.mizar.it\/wp-content\/uploads\/2024\/11\/APPLIQUE-BI-FASCIO-LARGO-768x432.png 768w, https:\/\/www.mizar.it\/wp-content\/uploads\/2024\/11\/APPLIQUE-BI-FASCIO-LARGO-1536x864.png 1536w, https:\/\/www.mizar.it\/wp-content\/uploads\/2024\/11\/APPLIQUE-BI-FASCIO-LARGO-2048x1152.png 2048w, https:\/\/www.mizar.it\/wp-content\/uploads\/2024\/11\/APPLIQUE-BI-FASCIO-LARGO-600x338.png 600w\" sizes=\"auto, (max-width: 3840px) 100vw, 3840px\" \/>\t\t\t\t\t\t\n\t\t\t\t\t<\/div>\n\t\t\t\t\t\t<\/a>\t\t\n<style>\n#image_1779446087 {\n  width: 100%;\n}\n<\/style>\n\t<\/div>\n\t\n\n\t<div id=\"text-113582388\" class=\"text\">\n\t\t\n\n<p><span style=\"color: #000;\"><strong>Aplique de pared de doble emisi\u00f3n | \u00f3ptica amplia<\/strong><\/span><\/p>\n\t\t\n<style>\n#text-113582388 {\n  text-align: left;\n}\n<\/style>\n\t<\/div>\n\t\n\n\t\t<\/div>\n\t\t\n<style>\n#col-426853119 > .col-inner {\n  padding: 0px 0px 50px 0px;\n}\n<\/style>\n\t<\/div>\n\n\t\n\n<\/div>\n<div class=\"row\"  id=\"row-677977519\">\n\n\n\t<div id=\"col-2136374063\" class=\"col col-block-effetti medium-6 small-12 large-6\"  >\n\t\t<div class=\"col-inner\"  >\n\t\t\t\n\t\t\t\n\n\t<div class=\"img has-hover image-block-effetti x md-x lg-x y md-y lg-y\" id=\"image_69320110\">\n\t\t<a class=\"\" href=\"https:\/\/www.mizar.it\/es\/categoria-producto\/exteriores\/luz-de-pared\/quantum-es\/quantum-2-2-es\/?filters=tipo-di-emissione&#091;41789&#093;\"  >\t\t\t\t\t\t<div class=\"img-inner dark\" >\n\t\t\t<img loading=\"lazy\" decoding=\"async\" width=\"3840\" height=\"2160\" src=\"https:\/\/www.mizar.it\/wp-content\/uploads\/2024\/11\/APPLIQUE-BI-FASCIO-MEDIO.png\" class=\"attachment-original size-original\" alt=\"\" srcset=\"https:\/\/www.mizar.it\/wp-content\/uploads\/2024\/11\/APPLIQUE-BI-FASCIO-MEDIO.png 3840w, https:\/\/www.mizar.it\/wp-content\/uploads\/2024\/11\/APPLIQUE-BI-FASCIO-MEDIO-300x169.png 300w, https:\/\/www.mizar.it\/wp-content\/uploads\/2024\/11\/APPLIQUE-BI-FASCIO-MEDIO-1024x576.png 1024w, https:\/\/www.mizar.it\/wp-content\/uploads\/2024\/11\/APPLIQUE-BI-FASCIO-MEDIO-768x432.png 768w, https:\/\/www.mizar.it\/wp-content\/uploads\/2024\/11\/APPLIQUE-BI-FASCIO-MEDIO-1536x864.png 1536w, https:\/\/www.mizar.it\/wp-content\/uploads\/2024\/11\/APPLIQUE-BI-FASCIO-MEDIO-2048x1152.png 2048w, https:\/\/www.mizar.it\/wp-content\/uploads\/2024\/11\/APPLIQUE-BI-FASCIO-MEDIO-600x338.png 600w\" sizes=\"auto, (max-width: 3840px) 100vw, 3840px\" \/>\t\t\t\t\t\t\n\t\t\t\t\t<\/div>\n\t\t\t\t\t\t<\/a>\t\t\n<style>\n#image_69320110 {\n  width: 100%;\n}\n<\/style>\n\t<\/div>\n\t\n\n\t<div id=\"text-699995527\" class=\"text\">\n\t\t\n\n<p><span style=\"color: #000;\"><strong>Aplique de pared de doble emisi\u00f3n | \u00f3ptica media<\/strong><\/span><\/p>\n\t\t\n<style>\n#text-699995527 {\n  text-align: left;\n}\n<\/style>\n\t<\/div>\n\t\n\n\t\t<\/div>\n\t\t\n<style>\n#col-2136374063 > .col-inner {\n  padding: 0px 0px 50px 0px;\n}\n<\/style>\n\t<\/div>\n\n\t\n\n\t<div id=\"col-1134885968\" class=\"col col-block-effetti medium-6 small-12 large-6\"  >\n\t\t<div class=\"col-inner\"  >\n\t\t\t\n\t\t\t\n\n\t<div class=\"img has-hover image-block-effetti x md-x lg-x y md-y lg-y\" id=\"image_2124893427\">\n\t\t<a class=\"\" href=\"https:\/\/www.mizar.it\/es\/categoria-producto\/exteriores\/luz-de-pared\/quantum-es\/quantum-2-2-es\/?filters=tipo-di-emissione&#091;41794&#093;\"  >\t\t\t\t\t\t<div class=\"img-inner dark\" >\n\t\t\t<img loading=\"lazy\" decoding=\"async\" width=\"3840\" height=\"2160\" src=\"https:\/\/www.mizar.it\/wp-content\/uploads\/2024\/11\/APPLIQUE-BI-FASCIO-STRETTO.png\" class=\"attachment-original size-original\" alt=\"\" srcset=\"https:\/\/www.mizar.it\/wp-content\/uploads\/2024\/11\/APPLIQUE-BI-FASCIO-STRETTO.png 3840w, https:\/\/www.mizar.it\/wp-content\/uploads\/2024\/11\/APPLIQUE-BI-FASCIO-STRETTO-300x169.png 300w, https:\/\/www.mizar.it\/wp-content\/uploads\/2024\/11\/APPLIQUE-BI-FASCIO-STRETTO-1024x576.png 1024w, https:\/\/www.mizar.it\/wp-content\/uploads\/2024\/11\/APPLIQUE-BI-FASCIO-STRETTO-768x432.png 768w, https:\/\/www.mizar.it\/wp-content\/uploads\/2024\/11\/APPLIQUE-BI-FASCIO-STRETTO-1536x864.png 1536w, https:\/\/www.mizar.it\/wp-content\/uploads\/2024\/11\/APPLIQUE-BI-FASCIO-STRETTO-2048x1152.png 2048w, https:\/\/www.mizar.it\/wp-content\/uploads\/2024\/11\/APPLIQUE-BI-FASCIO-STRETTO-600x338.png 600w\" sizes=\"auto, (max-width: 3840px) 100vw, 3840px\" \/>\t\t\t\t\t\t\n\t\t\t\t\t<\/div>\n\t\t\t\t\t\t<\/a>\t\t\n<style>\n#image_2124893427 {\n  width: 100%;\n}\n<\/style>\n\t<\/div>\n\t\n\n\t<div id=\"text-1273641087\" class=\"text\">\n\t\t\n\n<p><span style=\"color: #000;\"><strong>Aplique de pared de doble emisi\u00f3n | \u00f3ptica estrecha<\/strong><\/span><\/p>\n\t\t\n<style>\n#text-1273641087 {\n  text-align: left;\n}\n<\/style>\n\t<\/div>\n\t\n\n\t\t<\/div>\n\t\t\n<style>\n#col-1134885968 > .col-inner {\n  padding: 0px 0px 50px 0px;\n}\n<\/style>\n\t<\/div>\n\n\t\n\n<\/div>\n\n\t\t<\/div>\n\n\t\t\n<style>\n#section_1633239176 {\n  padding-top: 40px;\n  padding-bottom: 40px;\n}\n<\/style>\n\t<\/section>\n\t\n\n","protected":false},"excerpt":{"rendered":"","protected":false},"author":10706,"featured_media":0,"parent":125284,"menu_order":0,"comment_status":"closed","ping_status":"closed","template":"page-blank.php","meta":{"inline_featured_image":false,"footnotes":""},"class_list":["post-125482","page","type-page","status-publish","hentry"],"acf":[],"yoast_head":"<!-- This site is optimized with the Yoast SEO plugin v22.4 - https:\/\/yoast.com\/wordpress\/plugins\/seo\/ -->\n<title>Mizar - Efectos de Luz - Apliques doble emisi\u00f3n<\/title>\n<meta name=\"robots\" content=\"index, follow, max-snippet:-1, max-image-preview:large, max-video-preview:-1\" \/>\n<link rel=\"canonical\" href=\"https:\/\/www.mizar.it\/es\/efectos-luminosos\/efectos-de-luz-apliques-doble-emision\/\" \/>\n<meta property=\"og:locale\" content=\"es_ES\" \/>\n<meta property=\"og:type\" content=\"article\" \/>\n<meta property=\"og:title\" content=\"Mizar - Efectos de Luz - Apliques doble emisi\u00f3n\" \/>\n<meta property=\"og:url\" content=\"https:\/\/www.mizar.it\/es\/efectos-luminosos\/efectos-de-luz-apliques-doble-emision\/\" \/>\n<meta property=\"og:site_name\" content=\"Mizar\" \/>\n<meta property=\"article:modified_time\" content=\"2026-02-11T17:00:18+00:00\" \/>\n<meta name=\"twitter:card\" content=\"summary_large_image\" \/>\n<meta name=\"twitter:label1\" content=\"Tiempo de lectura\" \/>\n\t<meta name=\"twitter:data1\" content=\"1 minuto\" \/>\n<script type=\"application\/ld+json\" class=\"yoast-schema-graph\">{\"@context\":\"https:\/\/schema.org\",\"@graph\":[{\"@type\":\"WebPage\",\"@id\":\"https:\/\/www.mizar.it\/es\/efectos-luminosos\/efectos-de-luz-apliques-doble-emision\/\",\"url\":\"https:\/\/www.mizar.it\/es\/efectos-luminosos\/efectos-de-luz-apliques-doble-emision\/\",\"name\":\"Mizar - Efectos de Luz - Apliques doble emisi\u00f3n\",\"isPartOf\":{\"@id\":\"https:\/\/www.mizar.it\/es\/#website\"},\"datePublished\":\"2024-09-04T14:34:07+00:00\",\"dateModified\":\"2026-02-11T17:00:18+00:00\",\"breadcrumb\":{\"@id\":\"https:\/\/www.mizar.it\/es\/efectos-luminosos\/efectos-de-luz-apliques-doble-emision\/#breadcrumb\"},\"inLanguage\":\"es\",\"potentialAction\":[{\"@type\":\"ReadAction\",\"target\":[\"https:\/\/www.mizar.it\/es\/efectos-luminosos\/efectos-de-luz-apliques-doble-emision\/\"]}]},{\"@type\":\"BreadcrumbList\",\"@id\":\"https:\/\/www.mizar.it\/es\/efectos-luminosos\/efectos-de-luz-apliques-doble-emision\/#breadcrumb\",\"itemListElement\":[{\"@type\":\"ListItem\",\"position\":1,\"name\":\"Mizar\",\"item\":\"https:\/\/www.mizar.it\/es\/\"},{\"@type\":\"ListItem\",\"position\":2,\"name\":\"Efectos de iluminaci\u00f3n\",\"item\":\"https:\/\/www.mizar.it\/es\/efectos-luminosos\/\"},{\"@type\":\"ListItem\",\"position\":3,\"name\":\"Efectos de Luz &#8211; Apliques doble emisi\u00f3n\"}]},{\"@type\":\"WebSite\",\"@id\":\"https:\/\/www.mizar.it\/es\/#website\",\"url\":\"https:\/\/www.mizar.it\/es\/\",\"name\":\"Mizar\",\"description\":\"Lighting your way\",\"publisher\":{\"@id\":\"https:\/\/www.mizar.it\/es\/#organization\"},\"potentialAction\":[{\"@type\":\"SearchAction\",\"target\":{\"@type\":\"EntryPoint\",\"urlTemplate\":\"https:\/\/www.mizar.it\/es\/?s={search_term_string}\"},\"query-input\":\"required name=search_term_string\"}],\"inLanguage\":\"es\"},{\"@type\":\"Organization\",\"@id\":\"https:\/\/www.mizar.it\/es\/#organization\",\"name\":\"Mizar\",\"url\":\"https:\/\/www.mizar.it\/es\/\",\"logo\":{\"@type\":\"ImageObject\",\"inLanguage\":\"es\",\"@id\":\"https:\/\/www.mizar.it\/es\/#\/schema\/logo\/image\/\",\"url\":\"https:\/\/www.mizar.it\/wp-content\/uploads\/2024\/10\/cropped-Mizar_icon_tab-1.png\",\"contentUrl\":\"https:\/\/www.mizar.it\/wp-content\/uploads\/2024\/10\/cropped-Mizar_icon_tab-1.png\",\"width\":512,\"height\":512,\"caption\":\"Mizar\"},\"image\":{\"@id\":\"https:\/\/www.mizar.it\/es\/#\/schema\/logo\/image\/\"},\"sameAs\":[\"https:\/\/www.instagram.com\/mizarluce\/\",\"https:\/\/www.linkedin.com\/company\/mizar-lighting\/\"]}]}<\/script>\n<!-- \/ Yoast SEO plugin. -->","yoast_head_json":{"title":"Mizar - Efectos de Luz - Apliques doble emisi\u00f3n","robots":{"index":"index","follow":"follow","max-snippet":"max-snippet:-1","max-image-preview":"max-image-preview:large","max-video-preview":"max-video-preview:-1"},"canonical":"https:\/\/www.mizar.it\/es\/efectos-luminosos\/efectos-de-luz-apliques-doble-emision\/","og_locale":"es_ES","og_type":"article","og_title":"Mizar - Efectos de Luz - Apliques doble emisi\u00f3n","og_url":"https:\/\/www.mizar.it\/es\/efectos-luminosos\/efectos-de-luz-apliques-doble-emision\/","og_site_name":"Mizar","article_modified_time":"2026-02-11T17:00:18+00:00","twitter_card":"summary_large_image","twitter_misc":{"Tiempo de lectura":"1 minuto"},"schema":{"@context":"https:\/\/schema.org","@graph":[{"@type":"WebPage","@id":"https:\/\/www.mizar.it\/es\/efectos-luminosos\/efectos-de-luz-apliques-doble-emision\/","url":"https:\/\/www.mizar.it\/es\/efectos-luminosos\/efectos-de-luz-apliques-doble-emision\/","name":"Mizar - Efectos de Luz - Apliques doble emisi\u00f3n","isPartOf":{"@id":"https:\/\/www.mizar.it\/es\/#website"},"datePublished":"2024-09-04T14:34:07+00:00","dateModified":"2026-02-11T17:00:18+00:00","breadcrumb":{"@id":"https:\/\/www.mizar.it\/es\/efectos-luminosos\/efectos-de-luz-apliques-doble-emision\/#breadcrumb"},"inLanguage":"es","potentialAction":[{"@type":"ReadAction","target":["https:\/\/www.mizar.it\/es\/efectos-luminosos\/efectos-de-luz-apliques-doble-emision\/"]}]},{"@type":"BreadcrumbList","@id":"https:\/\/www.mizar.it\/es\/efectos-luminosos\/efectos-de-luz-apliques-doble-emision\/#breadcrumb","itemListElement":[{"@type":"ListItem","position":1,"name":"Mizar","item":"https:\/\/www.mizar.it\/es\/"},{"@type":"ListItem","position":2,"name":"Efectos de iluminaci\u00f3n","item":"https:\/\/www.mizar.it\/es\/efectos-luminosos\/"},{"@type":"ListItem","position":3,"name":"Efectos de Luz &#8211; Apliques doble emisi\u00f3n"}]},{"@type":"WebSite","@id":"https:\/\/www.mizar.it\/es\/#website","url":"https:\/\/www.mizar.it\/es\/","name":"Mizar","description":"Lighting your way","publisher":{"@id":"https:\/\/www.mizar.it\/es\/#organization"},"potentialAction":[{"@type":"SearchAction","target":{"@type":"EntryPoint","urlTemplate":"https:\/\/www.mizar.it\/es\/?s={search_term_string}"},"query-input":"required name=search_term_string"}],"inLanguage":"es"},{"@type":"Organization","@id":"https:\/\/www.mizar.it\/es\/#organization","name":"Mizar","url":"https:\/\/www.mizar.it\/es\/","logo":{"@type":"ImageObject","inLanguage":"es","@id":"https:\/\/www.mizar.it\/es\/#\/schema\/logo\/image\/","url":"https:\/\/www.mizar.it\/wp-content\/uploads\/2024\/10\/cropped-Mizar_icon_tab-1.png","contentUrl":"https:\/\/www.mizar.it\/wp-content\/uploads\/2024\/10\/cropped-Mizar_icon_tab-1.png","width":512,"height":512,"caption":"Mizar"},"image":{"@id":"https:\/\/www.mizar.it\/es\/#\/schema\/logo\/image\/"},"sameAs":["https:\/\/www.instagram.com\/mizarluce\/","https:\/\/www.linkedin.com\/company\/mizar-lighting\/"]}]}},"_links":{"self":[{"href":"https:\/\/www.mizar.it\/es\/wp-json\/wp\/v2\/pages\/125482","targetHints":{"allow":["GET"]}}],"collection":[{"href":"https:\/\/www.mizar.it\/es\/wp-json\/wp\/v2\/pages"}],"about":[{"href":"https:\/\/www.mizar.it\/es\/wp-json\/wp\/v2\/types\/page"}],"author":[{"embeddable":true,"href":"https:\/\/www.mizar.it\/es\/wp-json\/wp\/v2\/users\/10706"}],"replies":[{"embeddable":true,"href":"https:\/\/www.mizar.it\/es\/wp-json\/wp\/v2\/comments?post=125482"}],"version-history":[{"count":7,"href":"https:\/\/www.mizar.it\/es\/wp-json\/wp\/v2\/pages\/125482\/revisions"}],"predecessor-version":[{"id":125678,"href":"https:\/\/www.mizar.it\/es\/wp-json\/wp\/v2\/pages\/125482\/revisions\/125678"}],"up":[{"embeddable":true,"href":"https:\/\/www.mizar.it\/es\/wp-json\/wp\/v2\/pages\/125284"}],"wp:attachment":[{"href":"https:\/\/www.mizar.it\/es\/wp-json\/wp\/v2\/media?parent=125482"}],"curies":[{"name":"wp","href":"https:\/\/api.w.org\/{rel}","templated":true}]}}